{"id":1100,"date":"2023-05-11T07:08:07","date_gmt":"2023-05-11T05:08:07","guid":{"rendered":"https:\/\/ch-q.ch\/chi-siamo\/"},"modified":"2025-06-09T08:47:41","modified_gmt":"2025-06-09T06:47:41","slug":"chi-siamo","status":"publish","type":"page","link":"https:\/\/ch-q.ch\/it\/chi-siamo\/","title":{"rendered":"Chi siamo"},"content":{"rendered":"<section class=\"l-section wpb_row us_custom_2bb2ca1c height_auto\"><div class=\"l-section-h i-cf\"><div class=\"g-cols vc_row via_flex valign_top type_default stacking_default\"><div class=\"vc_col-sm-12 wpb_column vc_column_container\"><div class=\"vc_column-inner\"><div class=\"wpb_wrapper\"><div class=\"g-cols wpb_row via_flex valign_top type_default stacking_default\"><div class=\"vc_col-sm-6 wpb_column vc_column_container\"><div class=\"vc_column-inner\"><div class=\"wpb_wrapper\"><div class=\"wpb_text_column\"><div class=\"wpb_wrapper\"><h2>Ufficio CH-Q<\/h2>\n<\/div><\/div><div class=\"w-separator size_custom\" style=\"height:30px\"><\/div><\/div><\/div><\/div><div class=\"vc_col-sm-6 wpb_column vc_column_container\"><div class=\"vc_column-inner\"><div class=\"wpb_wrapper\"><\/div><\/div><\/div><\/div><div class=\"g-cols wpb_row via_flex valign_top type_default stacking_default\"><div class=\"vc_col-sm-6 wpb_column vc_column_container\"><div class=\"vc_column-inner\"><div class=\"wpb_wrapper\"><div class=\"wpb_text_column\"><div class=\"wpb_wrapper\"><p>Stiftung Arbeitsgestaltung SAG I Ufficio CH-Q<br \/>\nSonnenbergstrasse 74,<br \/>\n8603 Schwerzenbach ZH<\/p>\n<p><a href=\"tel:0041445346983\">044 534 69 83<\/a><br \/>\n<a href=\"mailto:info@ch-q.ch\">info@ch-q.ch<\/a><br \/>\n<a href=\"https:\/\/stiftung-sag.ch\" target=\"_blank\" rel=\"noopener\">www.stiftung-sag.ch<\/a><\/p>\n<\/div><\/div><\/div><\/div><\/div><div class=\"vc_col-sm-6 wpb_column vc_column_container\"><div class=\"vc_column-inner\"><div class=\"wpb_wrapper\"><div class=\"w-image us_custom_a16cad38 has_ratio align_none\"><div class=\"w-image-h\"><div style=\"padding-bottom:100%\"><\/div><img decoding=\"async\" width=\"300\" height=\"300\" src=\"https:\/\/ch-q.ch\/wp-content\/uploads\/2023\/06\/Stefan-Spahr-kurz-300x300.jpg\" class=\"attachment-medium size-medium\" alt=\"\" loading=\"lazy\" \/><\/div><\/div><div class=\"wpb_text_column\"><div class=\"wpb_wrapper\"><p class=\"p1\">Stefan Spahr Responsabile dell&#8217;ufficio CH-Q<\/p>\n<\/div><\/div><\/div><\/div><\/div><\/div><div class=\"w-separator size_custom\" style=\"height:30px\"><\/div><div class=\"g-cols wpb_row via_flex valign_top type_default stacking_default\"><div class=\"vc_col-sm-6 wpb_column vc_column_container\"><div class=\"vc_column-inner\"><div class=\"wpb_wrapper\"><div class=\"wpb_text_column\"><div class=\"wpb_wrapper\"><h2 class=\"p1\">Informazioni su CH-Q<\/h2>\n<p>Informazioni su CH-QaLa societ\u00e0 CH-Q \u00e8 nata nel 1999 da un&#8217;iniziativa educativa nazionale ed \u00e8 impegnata nella registrazione, valutazione e riconoscimento delle competenze professionali e interdisciplinari acquisite in modo formale e non formale in tutti gli ambiti della vita. Nel 2023, la Fondazione SAG ha assunto la sponsorizzazione di CH-Q. <a href=\"\/wp-content\/uploads\/2024\/01\/Text-History-CH-Q-2401.pdf\" target=\"_blank\" rel=\"noopener\">Storia CH-Q (pdf)<\/a><\/p>\n<\/div><\/div><\/div><\/div><\/div><div class=\"vc_col-sm-6 wpb_column vc_column_container\"><div class=\"vc_column-inner\"><div class=\"wpb_wrapper\"><\/div><\/div><\/div><\/div><div class=\"w-separator size_custom\" style=\"height:30px\"><\/div><div class=\"g-cols wpb_row via_flex valign_top type_default stacking_default\"><div class=\"vc_col-sm-12 wpb_column vc_column_container\"><div class=\"vc_column-inner\"><div class=\"wpb_wrapper\"><div class=\"wpb_text_column\"><div class=\"wpb_wrapper\"><h2 class=\"p1\">Comitato consultivo CH-Q<\/h2>\n<p><strong>Anita Calonder Gerster<\/strong>, psicologa delle organizzazioni, psicologa FSP, iniziatrice e fondatrice\/presidente dell&#8217;associazione CH-Q<br \/>\n<strong>Barbara Petrini<\/strong>, Resp. principale di progetto, Scuola universitaria federale per la formazione professionale SUFFP<br \/>\n<strong>Ruth Meyer Junker<\/strong>, lic.phil.p\u00e4d., educatrice certificata per adulti HF, autrice<br \/>\n<strong>Horst Arbasowsky<\/strong>, responsabile della Commissione CH-Q Garanzia di qualit\u00e0 QSK<br \/>\n<strong>Bettina W\u00f6hler<\/strong>, responsabile del Centro di qualificazione professionale per adulti, Dir. Istruzione. Zurigo<br \/>\n<strong>Eveline Br\u00fcgger-Raemy<\/strong>, istruttore federale. FA, gestione delle competenze dell&#8217;allenatore\/conduttore del corso CH-Q<\/p>\n<\/div><\/div><\/div><\/div><\/div><\/div><\/div><\/div><\/div><\/div><\/div><\/section><section class=\"l-section wpb_row us_custom_a14f24ab height_auto\"><div class=\"l-section-h i-cf\"><div class=\"g-cols vc_row via_flex valign_top type_default stacking_default\"><div class=\"vc_col-sm-12 wpb_column vc_column_container\"><div class=\"vc_column-inner\"><div class=\"wpb_wrapper\"><div class=\"w-html us_custom_5ffaac3a ob-maps us_animate_this\"><iframe src=\"https:\/\/www.google.com\/maps\/embed?pb=!1m18!1m12!1m3!1d63912.3867626531!2d8.586108501666317!3d47.38356755430604!2m3!1f0!2f0!3f0!3m2!1i1024!2i768!4f13.1!3m3!1m2!1s0x479aa3da06809837:0x3e962c487013586c!2sSonnenbergstrasse 74, 8603 Schwerzenbach!5e0!3m2!1sde!2sch!4v1683789338658!5m2!1sde!2sch\" width=\"100%\" height=\"350\" style=\"border:0;\" allowfullscreen=\"\" loading=\"lazy\" referrerpolicy=\"no-referrer-when-downgrade\"><\/iframe><\/div><div class=\"w-separator size_custom\" style=\"height:30px\"><\/div><div class=\"wpb_text_column\"><div class=\"wpb_wrapper\"><p class=\"p1\">CH-Q in Austria, Linz: <span class=\"s1\"><a href=\"https:\/\/chqat.wordpress.com\/\" target=\"_blank\" rel=\"noopener\">CH-Q Austria<\/a><\/span> CH-Q in Lussemburgo, Esch-sur-Alzette<b>:<\/b> <span class=\"s1\"><a href=\"https:\/\/www.zarabina.lu\/kompetenzmanagement\" target=\"_blank\" rel=\"noopener\">Gestione delle competenze &#8211; Zarabina<\/a><\/span><\/p>\n<\/div><\/div><\/div><\/div><\/div><\/div><\/div><\/section>\n","protected":false},"excerpt":{"rendered":"Ufficio CH-Q Stiftung Arbeitsgestaltung SAG I Ufficio CH-Q Sonnenbergstrasse 74, 8603 Schwerzenbach ZH 044 534 69 83 info@ch-q.ch www.stiftung-sag.ch Stefan Spahr Responsabile dell&#8217;ufficio CH-Q Informazioni su CH-Q Informazioni su CH-QaLa societ\u00e0 CH-Q \u00e8 nata nel 1999 da un&#8217;iniziativa educativa nazionale ed \u00e8 impegnata nella registrazione, valutazione e riconoscimento delle competenze professionali e interdisciplinari acquisite in...","protected":false},"author":1,"featured_media":0,"parent":0,"menu_order":0,"comment_status":"closed","ping_status":"closed","template":"","meta":{"footnotes":""},"class_list":["post-1100","page","type-page","status-publish","hentry"],"_links":{"self":[{"href":"https:\/\/ch-q.ch\/it\/wp-json\/wp\/v2\/pages\/1100","targetHints":{"allow":["GET"]}}],"collection":[{"href":"https:\/\/ch-q.ch\/it\/wp-json\/wp\/v2\/pages"}],"about":[{"href":"https:\/\/ch-q.ch\/it\/wp-json\/wp\/v2\/types\/page"}],"author":[{"embeddable":true,"href":"https:\/\/ch-q.ch\/it\/wp-json\/wp\/v2\/users\/1"}],"replies":[{"embeddable":true,"href":"https:\/\/ch-q.ch\/it\/wp-json\/wp\/v2\/comments?post=1100"}],"version-history":[{"count":4,"href":"https:\/\/ch-q.ch\/it\/wp-json\/wp\/v2\/pages\/1100\/revisions"}],"predecessor-version":[{"id":1241,"href":"https:\/\/ch-q.ch\/it\/wp-json\/wp\/v2\/pages\/1100\/revisions\/1241"}],"wp:attachment":[{"href":"https:\/\/ch-q.ch\/it\/wp-json\/wp\/v2\/media?parent=1100"}],"curies":[{"name":"wp","href":"https:\/\/api.w.org\/{rel}","templated":true}]}}