{"id":999,"date":"2023-05-05T14:18:35","date_gmt":"2023-05-05T12:18:35","guid":{"rendered":"https:\/\/ch-q.ch\/gestion-autonome-des-competences\/"},"modified":"2024-09-12T08:43:15","modified_gmt":"2024-09-12T06:43:15","slug":"gestion-autonome-des-competences","status":"publish","type":"page","link":"https:\/\/ch-q.ch\/fr\/gestion-autonome-des-competences\/","title":{"rendered":"Gestion autonome des comp\u00e9tences"},"content":{"rendered":"<section class=\"l-section wpb_row ob-title-img height_custom\"><div class=\"l-section-h i-cf\"><div class=\"g-cols vc_row via_flex valign_top type_default stacking_default\"><div class=\"vc_col-sm-12 wpb_column vc_column_container has_bg_color\"><div class=\"vc_column-inner us_custom_16d073d7\"><div class=\"wpb_wrapper\"><h1 class=\"w-text us_custom_5e086c8c has_text_color us_animate_this\"><span class=\"w-text-h\"><span class=\"w-text-value\">\u00ab L\u2019analyse de ses propres comp\u00e9tences \u00bb<\/span><\/span><\/h1><\/div><\/div><\/div><\/div><\/div><\/section><section class=\"l-section wpb_row height_auto\"><div class=\"l-section-h i-cf\"><div class=\"g-cols vc_row via_flex valign_top type_default stacking_default\"><div class=\"vc_col-sm-12 wpb_column vc_column_container\"><div class=\"vc_column-inner\"><div class=\"wpb_wrapper\"><h2 class=\"w-text us_custom_1f257949\"><span class=\"w-text-h\"><span class=\"w-text-value\">L\u2019analyse de ses propres comp\u00e9tences constitue la base pour :<\/span><\/span><\/h2><div class=\"g-cols wpb_row via_flex valign_top type_default stacking_default\"><div class=\"vc_col-sm-8 wpb_column vc_column_container\"><div class=\"vc_column-inner\"><div class=\"wpb_wrapper\"><div class=\"wpb_text_column\"><div class=\"wpb_wrapper\"><p>\u00ab\u00a0Les comp\u00e9tences sont souvent acquises inconsciemment, aussi bien dans le cadre d\u2019une activit\u00e9 professionnelle qu\u2019en dehors, dans l\u2019accompagnement de personnes, dans le domaine priv\u00e9, interculturel et public. L\u2019int\u00e9r\u00eat et les talents, mais aussi les situations de vie particuli\u00e8res, sont \u00e9galement des sources potentielles d\u2019acquisition de comp\u00e9tences. Les comp\u00e9tences personnelles s\u2019\u00e9toffent \u00e0 tout \u00e2ge et rendent chaque personne unique.\u00a0\u00bb<\/p>\n<\/div><\/div><div class=\"w-separator size_custom\" style=\"height:60px\"><\/div><\/div><\/div><\/div><div class=\"vc_col-sm-4 wpb_column vc_column_container\"><div class=\"vc_column-inner\"><div class=\"wpb_wrapper\"><\/div><\/div><\/div><\/div><div class=\"g-cols wpb_row hide_on_tablets hide_on_mobiles via_flex valign_top type_default stacking_default\"><div class=\"vc_col-sm-1 wpb_column vc_column_container\"><div class=\"vc_column-inner\"><div class=\"wpb_wrapper\"><\/div><\/div><\/div><div class=\"vc_col-sm-5 wpb_column vc_column_container ob-check-card\"><div class=\"vc_column-inner us_custom_b037f512\"><div class=\"wpb_wrapper\"><div class=\"w-flipbox ob-listpoints animation_cardflip direction_w\"><div class=\"w-flipbox-h easing_ease\" style=\"transition-duration:0.5s;\"><div class=\"w-flipbox-hh\"><div class=\"w-flipbox-front us_custom_51168d70\" style=\"background:var(--color-content-link);color:#ffffff;\"><div class=\"w-flipbox-front-h\"><div class=\"w-flipbox-front-icon style_default\" style=\"font-size:3.7rem;\"><i class=\"far fa-check-square\"><\/i><\/div><h3 class=\"w-flipbox-front-title\" style=\"font-size:max( 1.5rem, 1.5vw );\">Planification cibl\u00e9e de la formation et de la carri\u00e8re<\/h3><\/div><\/div><div class=\"w-flipbox-back us_custom_51168d70\" style=\"display:none;background:#f5f5f5;color:#1a1a1a;\"><div class=\"w-flipbox-back-h\"><h4 class=\"w-flipbox-back-title\">Planification cibl\u00e9e de la formation et de la carri\u00e8re<\/h4><div class=\"w-flipbox-back-desc\"><\/p>\n<ul>\n<li>Aborder votre prochaine d\u00e9cision de carri\u00e8re de mani\u00e8re cibl\u00e9e.<\/li>\n<li>Vous d\u00e9velopper de mani\u00e8re cibl\u00e9e sur votre lieu de travail.<\/li>\n<li>Planifier votre formation continue de mani\u00e8re cibl\u00e9e.<\/li>\n<li>Mieux prendre conscience de vos propres possibilit\u00e9s.<\/li>\n<li>Utiliser de mani\u00e8re cibl\u00e9e vos exp\u00e9riences acquises dans d\u2019autres domaines de la vie.<\/li>\n<\/ul>\n<p>\n<\/div><\/div><\/div><\/div><\/div><\/div><div class=\"w-separator size_custom\" style=\"height:30px\"><\/div><div class=\"w-flipbox ob-listpoints animation_cardflip direction_w\"><div class=\"w-flipbox-h easing_ease\" style=\"transition-duration:0.5s;\"><div class=\"w-flipbox-hh\"><div class=\"w-flipbox-front us_custom_51168d70\" style=\"background:var(--color-content-link);color:#ffffff;\"><div class=\"w-flipbox-front-h\"><div class=\"w-flipbox-front-icon style_default\" style=\"font-size:3.7rem;\"><i class=\"far fa-check-square\"><\/i><\/div><h3 class=\"w-flipbox-front-title\" style=\"font-size:max( 1.5rem, 1.5vw );\">Reconnaissance des r\u00e9sultats atteints dans des activit\u00e9s professionnelles et extraprofessionnelles<\/h3><\/div><\/div><div class=\"w-flipbox-back us_custom_51168d70\" style=\"display:none;background:#f5f5f5;color:#1a1a1a;\"><div class=\"w-flipbox-back-h\"><h4 class=\"w-flipbox-back-title\">Reconnaissance des r\u00e9sultats atteints dans des activit\u00e9s professionnelles et extraprofessionnelles<\/h4><div class=\"w-flipbox-back-desc\"><\/p>\n<ul>\n<li>Documenter votre formation initiale et continue.<\/li>\n<li>Rendre visible les r\u00e9sultats que vous avez atteints.<\/li>\n<li>\u00c9tayer votre portefeuille par des justificatifs syst\u00e9matiques.<\/li>\n<li>Valoriser vos activit\u00e9s non r\u00e9mun\u00e9r\u00e9es.<\/li>\n<li>Mettre vos r\u00e9sultats en relation avec les exigences.<\/li>\n<\/ul>\n<p>\n<\/div><\/div><\/div><\/div><\/div><\/div><\/div><\/div><\/div><div class=\"vc_col-sm-5 wpb_column vc_column_container ob-check-card\"><div class=\"vc_column-inner us_custom_57aa99bf\"><div class=\"wpb_wrapper\"><div class=\"w-flipbox ob-listpoints animation_cardflip direction_w\"><div class=\"w-flipbox-h easing_ease\" style=\"transition-duration:0.5s;\"><div class=\"w-flipbox-hh\"><div class=\"w-flipbox-front us_custom_51168d70\" style=\"background:var(--color-content-link);color:#ffffff;\"><div class=\"w-flipbox-front-h\"><div class=\"w-flipbox-front-icon style_default\" style=\"font-size:3.7rem;\"><i class=\"far fa-check-square\"><\/i><\/div><h3 class=\"w-flipbox-front-title\" style=\"font-size:max( 1.5rem, 1.5vw );\">Acc\u00e8s facilit\u00e9 au march\u00e9 du travail<\/h3><\/div><\/div><div class=\"w-flipbox-back us_custom_51168d70\" style=\"display:none;background:#f5f5f5;color:#1a1a1a;\"><div class=\"w-flipbox-back-h\"><h4 class=\"w-flipbox-back-title\">Acc\u00e8s facilit\u00e9 au march\u00e9 du travail<\/h4><div class=\"w-flipbox-back-desc\"><\/p>\n<ul>\n<li>Pr\u00e9senter votre profil de comp\u00e9tences personnel.<\/li>\n<li>Conna\u00eetre et nommer vos propres comp\u00e9tences.<\/li>\n<li>Acqu\u00e9rir de l\u2019assurance quant \u00e0 vos connaissances et votre savoir-faire.<\/li>\n<li>Adapter vos comp\u00e9tences \u00e0 un profil d\u2019exigences.<\/li>\n<li>Mieux valoriser vos exp\u00e9riences extraprofessionnelles.<\/li>\n<\/ul>\n<p>\n<\/div><\/div><\/div><\/div><\/div><\/div><div class=\"w-separator size_custom\" style=\"height:30px\"><\/div><div class=\"w-flipbox ob-listpoints animation_cardflip direction_w\"><div class=\"w-flipbox-h easing_ease\" style=\"transition-duration:0.5s;\"><div class=\"w-flipbox-hh\"><div class=\"w-flipbox-front us_custom_51168d70\" style=\"background:var(--color-content-link);color:#ffffff;\"><div class=\"w-flipbox-front-h\"><div class=\"w-flipbox-front-icon style_default\" style=\"font-size:3.7rem;\"><i class=\"far fa-check-square\"><\/i><\/div><h3 class=\"w-flipbox-front-title\" style=\"font-size:max( 1.5rem, 1.5vw );\">R\u00e9insertion et insertion professionnelle<\/h3><\/div><\/div><div class=\"w-flipbox-back us_custom_51168d70\" style=\"display:none;background:#f5f5f5;color:#1a1a1a;\"><div class=\"w-flipbox-back-h\"><h4 class=\"w-flipbox-back-title\">R\u00e9insertion et insertion professionnelle<\/h4><div class=\"w-flipbox-back-desc\"><\/p>\n<ul>\n<li>Enrichir vos comp\u00e9tences op\u00e9rationnelles.<\/li>\n<li>Pr\u00e9parer votre processus de candidature de mani\u00e8re cibl\u00e9e.<\/li>\n<li>Analyser votre potentiel pour l\u2019avenir.<\/li>\n<li>D\u00e9terminer votre position dans le parcours de r\u00e9insertion.<\/li>\n<li>Classer un feed-back sur l\u2019image que vous avez de vous-m\u00eame.<\/li>\n<\/ul>\n<p>\n<\/div><\/div><\/div><\/div><\/div><\/div><\/div><\/div><\/div><div class=\"vc_col-sm-1 wpb_column vc_column_container\"><div class=\"vc_column-inner\"><div class=\"wpb_wrapper\"><\/div><\/div><\/div><\/div><div class=\"g-cols wpb_row hide_on_default hide_on_laptops via_flex valign_top type_default stacking_default\"><div class=\"vc_col-sm-12 wpb_column vc_column_container ob-check-card\"><div class=\"vc_column-inner us_custom_c3f4d55f\"><div class=\"wpb_wrapper\"><div class=\"w-flipbox ob-listpoints animation_cardflip direction_w\"><div class=\"w-flipbox-h easing_ease\" style=\"transition-duration:0.5s;\"><div class=\"w-flipbox-hh\"><div class=\"w-flipbox-front us_custom_8428d521\" style=\"background:var(--color-content-link);color:#ffffff;\"><div class=\"w-flipbox-front-h\"><h3 class=\"w-flipbox-front-title\" style=\"font-size:max( 1.5rem, 1.5vw );\">Planification cibl\u00e9e de la formation et de la carri\u00e8re<\/h3><div class=\"w-flipbox-front-icon style_default\" style=\"font-size:3.7rem;\"><i class=\"far fa-check-square\"><\/i><\/div><\/div><\/div><div class=\"w-flipbox-back us_custom_8428d521\" style=\"display:none;background:#f5f5f5;color:#1a1a1a;\"><div class=\"w-flipbox-back-h\"><h4 class=\"w-flipbox-back-title\">Planification cibl\u00e9e de la formation et de la carri\u00e8re<\/h4><div class=\"w-flipbox-back-desc\"><p>&lt;ul&gt; &lt;li&gt;Aborder votre prochaine d\u00e9cision de carri\u00e8re de mani\u00e8re cibl\u00e9e.&lt;\/li&gt; &lt;li&gt;Vous d\u00e9velopper de mani\u00e8re cibl\u00e9e sur votre lieu de travail.&lt;\/li&gt; &lt;li&gt;Planifier votre formation continue de mani\u00e8re cibl\u00e9e.&lt;\/li&gt; &lt;li&gt;Mieux prendre conscience de vos propres possibilit\u00e9s.&lt;\/li&gt; &lt;li&gt;Utiliser de mani\u00e8re cibl\u00e9e vos exp\u00e9riences acquises dans d\u2019autres domaines de la vie.&lt;\/li&gt;&lt;\/ul&gt;<\/p>\n<\/div><\/div><\/div><\/div><\/div><\/div><div class=\"w-separator size_custom\" style=\"height:30px\"><\/div><div class=\"w-flipbox ob-listpoints animation_cardflip direction_w\"><div class=\"w-flipbox-h easing_ease\" style=\"transition-duration:0.5s;\"><div class=\"w-flipbox-hh\"><div class=\"w-flipbox-front us_custom_8428d521\" style=\"background:var(--color-content-link);color:#ffffff;\"><div class=\"w-flipbox-front-h\"><h3 class=\"w-flipbox-front-title\" style=\"font-size:max( 1.5rem, 1.5vw );\">Reconnaissance des r\u00e9sultats atteints dans des activit\u00e9s professionnelles et extraprofessionnelles<\/h3><div class=\"w-flipbox-front-icon style_default\" style=\"font-size:3.7rem;\"><i class=\"far fa-check-square\"><\/i><\/div><\/div><\/div><div class=\"w-flipbox-back us_custom_8428d521\" style=\"display:none;background:#f5f5f5;color:#1a1a1a;\"><div class=\"w-flipbox-back-h\"><h4 class=\"w-flipbox-back-title\">Reconnaissance des r\u00e9sultats atteints dans des activit\u00e9s professionnelles et extraprofessionnelles<\/h4><div class=\"w-flipbox-back-desc\"><p>&lt;ul&gt; &lt;li&gt;Documenter votre formation initiale et continue.&lt;\/li&gt; &lt;li&gt;Rendre visible les r\u00e9sultats que vous avez atteints.&lt;\/li&gt; &lt;li&gt;\u00c9tayer votre portefeuille par des justificatifs syst\u00e9matiques.&lt;\/li&gt; &lt;li&gt;Valoriser vos activit\u00e9s non r\u00e9mun\u00e9r\u00e9es.&lt;\/li&gt; &lt;li&gt;Mettre vos r\u00e9sultats en relation avec les exigences.&lt;\/li&gt;&lt;\/ul&gt;<\/p>\n<\/div><\/div><\/div><\/div><\/div><\/div><div class=\"w-separator size_custom\" style=\"height:30px\"><\/div><div class=\"w-flipbox ob-listpoints animation_cardflip direction_w\"><div class=\"w-flipbox-h easing_ease\" style=\"transition-duration:0.5s;\"><div class=\"w-flipbox-hh\"><div class=\"w-flipbox-front us_custom_8428d521\" style=\"background:var(--color-content-link);color:#ffffff;\"><div class=\"w-flipbox-front-h\"><h3 class=\"w-flipbox-front-title\" style=\"font-size:max( 1.5rem, 1.5vw );\">Acc\u00e8s facilit\u00e9 au march\u00e9 du travail<\/h3><div class=\"w-flipbox-front-icon style_default\" style=\"font-size:3.7rem;\"><i class=\"far fa-check-square\"><\/i><\/div><\/div><\/div><div class=\"w-flipbox-back us_custom_8428d521\" style=\"display:none;background:#f5f5f5;color:#1a1a1a;\"><div class=\"w-flipbox-back-h\"><h4 class=\"w-flipbox-back-title\">Acc\u00e8s facilit\u00e9 au march\u00e9 du travail<\/h4><div class=\"w-flipbox-back-desc\"><p>&lt;ul&gt; &lt;li&gt;Pr\u00e9senter votre profil de comp\u00e9tences personnel.&lt;\/li&gt; &lt;li&gt;Conna\u00eetre et nommer vos propres comp\u00e9tences.&lt;\/li&gt; &lt;li&gt;Acqu\u00e9rir de l\u2019assurance quant \u00e0 vos connaissances et votre savoir-faire.&lt;\/li&gt; &lt;li&gt;Adapter vos comp\u00e9tences \u00e0 un profil d\u2019exigences.&lt;\/li&gt; &lt;li&gt;Mieux valoriser vos exp\u00e9riences extraprofessionnelles.&lt;\/li&gt;&lt;\/ul&gt;<\/p>\n<\/div><\/div><\/div><\/div><\/div><\/div><div class=\"w-separator size_custom\" style=\"height:30px\"><\/div><div class=\"w-flipbox ob-listpoints animation_cardflip direction_w\"><div class=\"w-flipbox-h easing_ease\" style=\"transition-duration:0.5s;\"><div class=\"w-flipbox-hh\"><div class=\"w-flipbox-front us_custom_8428d521\" style=\"background:var(--color-content-link);color:#ffffff;\"><div class=\"w-flipbox-front-h\"><h3 class=\"w-flipbox-front-title\" style=\"font-size:max( 1.5rem, 1.5vw );\">R\u00e9insertion et insertion professionnelle<\/h3><div class=\"w-flipbox-front-icon style_default\" style=\"font-size:3.7rem;\"><i class=\"far fa-check-square\"><\/i><\/div><\/div><\/div><div class=\"w-flipbox-back us_custom_8428d521\" style=\"display:none;background:#f5f5f5;color:#1a1a1a;\"><div class=\"w-flipbox-back-h\"><h4 class=\"w-flipbox-back-title\">R\u00e9insertion et insertion professionnelle<\/h4><div class=\"w-flipbox-back-desc\"><p>&lt;ul&gt; &lt;li&gt;Enrichir vos comp\u00e9tences op\u00e9rationnelles.&lt;\/li&gt; &lt;li&gt;Pr\u00e9parer votre processus de candidature de mani\u00e8re cibl\u00e9e.&lt;\/li&gt; &lt;li&gt;Analyser votre potentiel pour l\u2019avenir.&lt;\/li&gt; &lt;li&gt;D\u00e9terminer votre position dans le parcours de r\u00e9insertion.&lt;\/li&gt; &lt;li&gt;Classer un feed-back sur l\u2019image que vous avez de vous-m\u00eame.&lt;\/li&gt;&lt;\/ul&gt;<\/p>\n<\/div><\/div><\/div><\/div><\/div><\/div><\/div><\/div><\/div><\/div><div class=\"g-cols wpb_row us_custom_d10eb4a1 via_flex valign_top type_default stacking_default\"><div class=\"vc_col-sm-12 wpb_column vc_column_container ob-check-card\"><div class=\"vc_column-inner us_custom_b037f512\"><div class=\"wpb_wrapper\"><h3 class=\"w-text\"><span class=\"w-text-h\"><span class=\"w-text-value\">La gestion des comp\u00e9tences<\/span><\/span><\/h3><p class=\"w-text\"><span class=\"w-text-h\"><span class=\"w-text-value\">L\u2019analyse de ses propres comp\u00e9tences suit un processus en six \u00e9tapes<\/span><\/span><\/p><div class=\"w-separator size_custom\" style=\"height:30px\"><\/div><div class=\"w-image ch-img-border align_center\"><div class=\"w-image-h\"><img decoding=\"async\" width=\"1024\" height=\"757\" src=\"https:\/\/ch-q.ch\/wp-content\/uploads\/2024\/09\/SAG_Vektorgrafiken_ohne_Titel_F-1024x757.jpg\" class=\"attachment-large size-large\" alt=\"\" loading=\"lazy\" srcset=\"https:\/\/ch-q.ch\/wp-content\/uploads\/2024\/09\/SAG_Vektorgrafiken_ohne_Titel_F-1024x757.jpg 1024w, https:\/\/ch-q.ch\/wp-content\/uploads\/2024\/09\/SAG_Vektorgrafiken_ohne_Titel_F-300x222.jpg 300w\" sizes=\"auto, (max-width: 1024px) 100vw, 1024px\" \/><\/div><\/div><\/div><\/div><\/div><\/div><\/div><\/div><\/div><\/div><\/div><\/section><section class=\"l-section wpb_row height_custom\"><div class=\"l-section-h i-cf\"><div class=\"g-cols vc_row via_flex valign_top type_default stacking_default\"><div class=\"vc_col-sm-12 wpb_column vc_column_container\"><div class=\"vc_column-inner\"><div class=\"wpb_wrapper\"><section class=\"l-section wpb_row us_custom_7978f442 height_auto\"><div class=\"l-section-h i-cf\"><div class=\"g-cols vc_row via_flex valign_top type_default stacking_default\"><div class=\"vc_col-sm-12 wpb_column vc_column_container\"><div class=\"vc_column-inner us_custom_0f9a865a\"><div class=\"wpb_wrapper\"><div class=\"g-cols wpb_row via_flex valign_top type_default stacking_default\"><div class=\"vc_col-sm-12 wpb_column vc_column_container\"><div class=\"vc_column-inner\"><div class=\"wpb_wrapper\"><div class=\"wpb_text_column us_custom_378a5a82\"><div class=\"wpb_wrapper\"><p><strong>Vous souhaitez \u00e9tablir votre propre portefeuille de comp\u00e9tences\u00a0?<\/strong><strong>Acc\u00e9der \u00e0 l\u2019application CH-Q<\/strong><\/p>\n<\/div><\/div><div class=\"w-separator size_custom\" style=\"height:30px\"><\/div><div class=\"w-hwrapper valign_top align_none\" style=\"--hwrapper-gap:1.2rem\"><div class=\"w-btn-wrapper align_none\"><a class=\"w-btn us-btn-style_5 us_custom_5ffaac3a us_animate_this\" target=\"_blank\" href=\"https:\/\/app.ch-q.ch\/\"><span class=\"w-btn-label\">App CH-Q<\/span><\/a><\/div><div class=\"w-btn-wrapper align_none\"><a class=\"w-btn us-btn-style_1\" target=\"_blank\" href=\"\/wp-content\/uploads\/2024\/09\/Anleitung-Login.pdf\"><span class=\"w-btn-label\">T\u00e9l\u00e9charger les instructions<\/span><\/a><\/div><\/div><\/div><\/div><\/div><\/div><\/div><\/div><\/div><\/div><\/div><\/section>\n<\/div><\/div><\/div><\/div><\/div><\/section>\n","protected":false},"excerpt":{"rendered":"\u00ab L\u2019analyse de ses propres comp\u00e9tences \u00bbL\u2019analyse de ses propres comp\u00e9tences constitue la base pour :\u00ab\u00a0Les comp\u00e9tences sont souvent acquises inconsciemment, aussi bien dans le cadre d\u2019une activit\u00e9 professionnelle qu\u2019en dehors, dans l\u2019accompagnement de personnes, dans le domaine priv\u00e9, interculturel et public. L\u2019int\u00e9r\u00eat et les talents, mais aussi les situations de vie particuli\u00e8res, sont \u00e9galement...","protected":false},"author":1,"featured_media":0,"parent":0,"menu_order":0,"comment_status":"closed","ping_status":"closed","template":"","meta":{"footnotes":""},"class_list":["post-999","page","type-page","status-publish","hentry"],"_links":{"self":[{"href":"https:\/\/ch-q.ch\/fr\/wp-json\/wp\/v2\/pages\/999","targetHints":{"allow":["GET"]}}],"collection":[{"href":"https:\/\/ch-q.ch\/fr\/wp-json\/wp\/v2\/pages"}],"about":[{"href":"https:\/\/ch-q.ch\/fr\/wp-json\/wp\/v2\/types\/page"}],"author":[{"embeddable":true,"href":"https:\/\/ch-q.ch\/fr\/wp-json\/wp\/v2\/users\/1"}],"replies":[{"embeddable":true,"href":"https:\/\/ch-q.ch\/fr\/wp-json\/wp\/v2\/comments?post=999"}],"version-history":[{"count":7,"href":"https:\/\/ch-q.ch\/fr\/wp-json\/wp\/v2\/pages\/999\/revisions"}],"predecessor-version":[{"id":1171,"href":"https:\/\/ch-q.ch\/fr\/wp-json\/wp\/v2\/pages\/999\/revisions\/1171"}],"wp:attachment":[{"href":"https:\/\/ch-q.ch\/fr\/wp-json\/wp\/v2\/media?parent=999"}],"curies":[{"name":"wp","href":"https:\/\/api.w.org\/{rel}","templated":true}]}}